{"id":2396,"date":"2025-12-22T19:57:18","date_gmt":"2025-12-22T16:57:18","guid":{"rendered":"https:\/\/www.ioniaguesthouse.com\/?page_id=2396"},"modified":"2025-12-22T19:57:19","modified_gmt":"2025-12-22T16:57:19","slug":"surdurulebilirlik-yonetim-sistemi","status":"publish","type":"page","link":"https:\/\/www.ioniaguesthouse.com\/?page_id=2396&lang=tr","title":{"rendered":"S\u00fcrd\u00fcr\u00fclebilirlik Y\u00f6netim Sistemi"},"content":{"rendered":"\n<p>Biz, \u0130onia Konukevi ailesi olarak, s\u00fcrd\u00fcr\u00fclebilirlik ilkelerini benimseyerek, do\u011faya ve \u00e7evreye olan sorumlulu\u011fumuzun bilinciyle hareket ediyoruz. Misafirlerimize unutulmaz bir konaklama deneyimi sunman\u0131n yan\u0131 s\u0131ra, \u00e7evreye ve yerel toplumumuza katk\u0131da bulunmay\u0131 hedefliyoruz. K\u0131rsal turizmin geli\u015fmesinin \u00f6nemini bilerek i\u015fletmemizi k\u0131rsalda, daha \u00f6nce hi\u00e7 bir turistik konaklama i\u015fletmesinin olmad\u0131\u011f\u0131 bir k\u00f6yde, zeytin ve incir bah\u00e7elerinin orta yerine kurduk. \u0130\u015fletmemizi k\u00fc\u00e7\u00fck \u00f6l\u00e7ekli sadece d\u00f6rt oda olarak planlayarak konuklar\u0131m\u0131za do\u011fa i\u00e7erisinde kendilerini \u00f6zel hissetmelerini sa\u011flamak ve turistik \u015fehirlerde ve k\u0131y\u0131 \u015feridindeki i\u015fletmelerde bulamayacaklar\u0131 deneyimi ya\u015fatmak amac\u0131m\u0131z. Bu amac\u0131m\u0131z do\u011frultusunda, uzun vadeli bir s\u00fcrd\u00fcr\u00fclebilirlik i\u00e7in izledi\u011fimiz<br>politikalar haz\u0131rlad\u0131k.<\/p>\n\n\n\n<p>Bu belge, otelimizin t\u00fcm y\u00f6netim s\u00fcre\u00e7lerini kapsayacak \u015fekilde uyarlanabilen ve geli\u015ftirilebilen bir S\u00fcrd\u00fcr\u00fclebilirlik Y\u00f6netim Sistemi (SYS)\u2019nin temel \u00e7er\u00e7evesini olu\u015fturmakta ve politikalar\u0131n\u0131 ortaya koymaktad\u0131r. Bu belge, otelin y\u00f6netimi ve personeline y\u00f6nelik haz\u0131rlanm\u0131\u015ft\u0131r. Sistemimiz otelimizin b\u00fcy\u00fckl\u00fc\u011f\u00fcne ve kapsam\u0131na uygun olacak \u015fekilde geli\u015ftirilmi\u015ftir.<\/p>\n\n\n\n<p>Y\u00f6netim sistemimizin temeli risk analizine dayanmaktad\u0131r. \u00c7evre, do\u011fal afetler, toplum, k\u00fclt\u00fcr, ekonomi, kalite, insan haklar\u0131, sa\u011fl\u0131k, g\u00fcvenlik ba\u015fl\u0131klar\u0131nda risk analizi yap\u0131lmaktad\u0131r. Gerekmesi halinde yeni ba\u015fl\u0131klar da eklenebilmektedir.<\/p>\n\n\n\n<p>Riskler analiz edildikten sonra risklerin ger\u00e7ekle\u015fmesi durumunda yap\u0131lacaklar\u0131<br>belirleyen bir kriz y\u00f6netim politikam\u0131z ve sistemimiz de bulunmaktad\u0131r. Bu belgenin ekinde risk analizi ve kriz y\u00f6netiminin nas\u0131l yap\u0131laca\u011f\u0131 yer almaktad\u0131r.<\/p>\n\n\n\n<p>SYS kalite, ekonomi, y\u00f6netim, \u00e7evre, k\u00fclt\u00fcr, insan haklar\u0131, sa\u011fl\u0131k ve g\u00fcvenlik<br>konular\u0131nda t\u00fcm \u00e7al\u0131\u015fanlar taraf\u0131ndan belli politikalar\u0131n uygulanmas\u0131n\u0131, hedefler belirlenmesini ve hedeflere ula\u015f\u0131l\u0131p ula\u015f\u0131lamad\u0131\u011f\u0131n\u0131n izlenerek i\u015fletme y\u00f6netim<br>s\u00fcre\u00e7lerinin s\u00fcrekli iyile\u015ftirilmesini i\u00e7ermektedir.<\/p>\n\n\n\n<p>Otelimiz, s\u00fcrd\u00fcr\u00fclebilirlikle ilgili olarak, T\u00fcrkiye S\u00fcrd\u00fcr\u00fclebilir Turizm Program\u0131\u2019n\u0131n birinci a\u015fama y\u00fck\u00fcml\u00fcl\u00fcklerini yerine getirece\u011fini ve s\u00fcrd\u00fcr\u00fclebilirlik performans\u0131n\u0131n art\u0131r\u0131lmas\u0131 i\u00e7in s\u00fcrd\u00fcr\u00fclebilir y\u00f6netim sisteminin s\u00fcrekli iyile\u015ftirilmesini taahh\u00fct eder.<\/p>\n\n\n\n<p>Sekt\u00f6r\u00fcn durumu, \u00e7evresel, toplumsal, teknolojik, ekonomik ve k\u00fclt\u00fcrel riskler, mevzuat kaynakl\u0131 de\u011fi\u015fiklik ve g\u00fcncellemeler dolay\u0131s\u0131yla y\u00f6netim sistemimiz s\u00fcrekli g\u00f6zden ge\u00e7irilmekte, gerekli olmas\u0131 durumunda sistem ve politikalar g\u00fcncellenmektedir.<\/p>\n\n\n\n<p>Yukar\u0131da belirtilen ad\u0131mlar \u00f6zetle Planla-Uygula-Kontrol Et-\u00d6nlem Al (PUK\u00d6) yakla\u015f\u0131m\u0131 olarak ifade edilebilir<\/p>\n\n\n\n<figure class=\"wp-block-image size-large\"><a href=\"https:\/\/www.ioniaguesthouse.com\/wp-content\/uploads\/2025\/12\/puko-dongusu.jpg.webp\"><img loading=\"lazy\" decoding=\"async\" width=\"1024\" height=\"648\" src=\"https:\/\/www.ioniaguesthouse.com\/wp-content\/uploads\/2025\/12\/puko-dongusu.jpg-1024x648.webp\" alt=\"\" class=\"wp-image-2405\" srcset=\"https:\/\/www.ioniaguesthouse.com\/wp-content\/uploads\/2025\/12\/puko-dongusu.jpg-1024x648.webp 1024w, https:\/\/www.ioniaguesthouse.com\/wp-content\/uploads\/2025\/12\/puko-dongusu.jpg-300x190.webp 300w, https:\/\/www.ioniaguesthouse.com\/wp-content\/uploads\/2025\/12\/puko-dongusu.jpg-768x486.webp 768w, https:\/\/www.ioniaguesthouse.com\/wp-content\/uploads\/2025\/12\/puko-dongusu.jpg-676x428.webp 676w, https:\/\/www.ioniaguesthouse.com\/wp-content\/uploads\/2025\/12\/puko-dongusu.jpg.webp 1127w\" sizes=\"auto, (max-width: 1024px) 100vw, 1024px\" \/><\/a><\/figure>\n\n\n\n<p>Planla: Otelimiz \u00e7evre, toplum, k\u00fclt\u00fcr, \u00fclke ekonomisi ve y\u00f6netim sistemi konular\u0131na \u00f6nem vermekte ve hedefler belirlemektedir. Belirlenen hedeflere ula\u015fabilmek i\u00e7in izlenecek yol haritas\u0131 ve eylemleri planlamaktad\u0131r.<\/p>\n\n\n\n<p>Uygula: Otelimiz \u00e7evresel, k\u00fclt\u00fcrel, sosyal, insan haklar\u0131, sa\u011fl\u0131k ve g\u00fcvenlik ile ilgili temel politikalar\u0131n\u0131 ve uygulamalar\u0131n\u0131 belirler.<\/p>\n\n\n\n<p>Kontrol et: Otelimizde hem personel hem de m\u00fc\u015fterilerden gelen geri bildirimler izlenir ve kaydedilir. Gerekmesi halinde d\u00fczeltici \u00f6nlemler al\u0131n\u0131r.<\/p>\n\n\n\n<p>\u00d6nlem al: Otelimizin kontrol et ad\u0131m\u0131nda belirlenen sorunlar\u0131 d\u00fczeltmek i\u00e7in harekete ge\u00e7ti\u011fi ad\u0131md\u0131r.<\/p>\n\n\n\n<h2 class=\"wp-block-heading\">\u00c7evresel politikam\u0131z<\/h2>\n\n\n\n<p>Ionia Konukevi olarak, \u00e7evresel s\u00fcrd\u00fcr\u00fclebilirlik ilkelerine ba\u011fl\u0131 olarak hareket etmeyi taahh\u00fct ediyoruz. Her bir yap\u0131 ve i\u015fletme s\u00fcrecimiz, \u00e7evreye olan etkimizi en aza indirmek ve do\u011fal kaynaklar\u0131 korumak amac\u0131yla \u00f6zenle tasarlanm\u0131\u015ft\u0131r. \u00c7evresel politikam\u0131z \u015fu temel prensiplere dayanmaktad\u0131r:<\/p>\n\n\n\n<p>Binalar\u0131m\u0131z, s\u00fcrd\u00fcr\u00fclebilir ve \u00e7evre dostu malzemeler kullan\u0131larak in\u015fa edilmi\u015ftir. Do\u011fal ve yerel kaynaklar olan saman ve ah\u015fap, yap\u0131lar\u0131m\u0131z\u0131n temel malzemeleridir. S\u0131valar\u0131m\u0131z, nefes alabilen \u00f6zelliklere sahip olup, bu b\u00f6lgeden elde edilen nehir kumu ve kire\u00e7 kullan\u0131larak \u00fcretilmi\u015ftir.<\/p>\n\n\n\n<p>At\u0131k y\u00f6netiminde sorumluluk prensibi benimseyerek, plastik ve ka\u011f\u0131t kullan\u0131m\u0131n\u0131 en aza indiriyoruz. Konuklar\u0131m\u0131za cam \u015fi\u015felerde i\u00e7me suyu sunarak plastik kullan\u0131m\u0131n\u0131 azalt\u0131yor ve odalarda geri d\u00f6n\u00fc\u015ft\u00fcr\u00fclebilir at\u0131klar\u0131 toplamak \u00fczere ayr\u0131 kovalar bulunduruyoruz. Ka\u011f\u0131t ve mukavva at\u0131klar\u0131n\u0131 kompostlayarak do\u011faya geri kazand\u0131r\u0131yoruz. At\u0131k ya\u011flar\u0131 biodizele d\u00f6n\u00fc\u015ft\u00fcr\u00fclmesi i\u00e7in kurulmu\u015f firmalara veriyoruz.<\/p>\n\n\n\n<p>Ekolojik deterjanlar kullanarak, \u00e7evreyi ve su kaynaklar\u0131n\u0131 kirletmeme konusundaki taahh\u00fcd\u00fcm\u00fcz\u00fc s\u00fcrd\u00fcr\u00fcyoruz. Zeytinya\u011f\u0131 sabunu, sodyum karbonat ve sodyum bikarbonat kar\u0131\u015f\u0131m\u0131 ile y\u0131kanan \u00e7ama\u015f\u0131rlar\u0131m\u0131z, elma sirkesi kullan\u0131larak yumu\u015fat\u0131lmaktad\u0131r.<\/p>\n\n\n\n<p>G\u00fcne\u015f enerjisinden s\u0131cak su \u00fcretimini tercih ederek, fosil yak\u0131tlar\u0131n kullan\u0131m\u0131n\u0131 minimuma indiriyoruz. LPG gaz\u0131 kullan\u0131m\u0131n\u0131 kontrol alt\u0131nda tutarak, enerji tasarrufu sa\u011fl\u0131yoruz. Bu konuda ba\u015fl\u0131ca hedefimiz g\u00fcne\u015f enerjisinden elektrik \u00fcretmek.<\/p>\n\n\n\n<p>Tar\u0131m ve bah\u00e7ecilikte permak\u00fclt\u00fcr ilkelerine ba\u011fl\u0131 kalarak, do\u011fal hayata sayg\u0131l\u0131 bir tutum sergiliyoruz. Bah\u00e7eleri elimizden geldi\u011fince damlama sulama ile suluyoruz. Bah\u00e7elerde ve tar\u0131mda kimyasal pestisit ve g\u00fcbre kullanmamak, \u00e7evreye olan olumsuz etkimizi en aza indiriyor.<\/p>\n\n\n\n<p>Yabani hayvanlar\u0131n do\u011fal ya\u015fam alanlar\u0131na m\u00fcdahale etmeyerek, ekosistemlerine olumlu bir etki b\u0131rakmaya \u00e7al\u0131\u015f\u0131yoruz.Sokak hayvanlar\u0131n\u0131 ise s\u00fcrekli k\u0131s\u0131rla\u015ft\u0131r\u0131p \u00e7o\u011falmalar\u0131n\u0131 \u00f6nl\u00fcyoruz, besleyerek ve su vererek, k\u0131\u015f i\u00e7in bar\u0131nma yerleri yaparak, hastaland\u0131klar\u0131nda gerekti\u011finde veterinere g\u00f6t\u00fcrerek hayatlar\u0131n\u0131 kaliteli bir \u015fekilde devam etmelerini sa\u011fl\u0131yoruz.<\/p>\n\n\n\n<p>Hayvanlar\u0131 kesinlikle sergilemiyoruz, hayvan sat\u0131lmas\u0131na kar\u015f\u0131y\u0131z ve onlar\u0131 kullanarak ekonomik kazan\u00e7 sa\u011flam\u0131yoruz. Restoran\u0131m\u0131zda vejeteryan kahvalt\u0131 sunuyoruz ve et kullan\u0131m\u0131n\u0131 ve dolay\u0131s\u0131yla sera gaz\u0131 emilimini en aza indirgemek i\u00e7in konuklar\u0131m\u0131za vejeteryan se\u00e7enekler sunmaya \u00f6zen g\u00f6steriyoruz. Yemek at\u0131\u011f\u0131n\u0131 \u00f6nlemek i\u00e7in konuklar\u0131m\u0131zla ileti\u015fim sonucu belirlenen miktarda yemek haz\u0131rl\u0131yoruz.<\/p>\n\n\n\n<p>Bu \u00e7er\u00e7evede, \u00e7evresel politikam\u0131z\u0131 s\u00fcrd\u00fcr\u00fclebilirlik ilkesi do\u011frultusunda g\u00fcncelleyerek, do\u011fal kaynaklar\u0131 korumaya y\u00f6nelik \u00e7abalar\u0131m\u0131z\u0131 art\u0131rmaya devam ediyoruz.<\/p>\n\n\n\n<h2 class=\"wp-block-heading\">Sosyal Politikam\u0131z<\/h2>\n\n\n\n<p>Ionia Konukevi olarak, sosyal sorumluluklar\u0131m\u0131z\u0131n bilinciyle hareket ediyor ve i\u015fletmemizi \u00e7evremize olumlu katk\u0131larda bulunmak ad\u0131na bir ara\u00e7 olarak g\u00f6r\u00fcyoruz.<\/p>\n\n\n\n<p>\u0130\u015fletmemizi zeytin ve incir bah\u00e7elerinin ortas\u0131na kurarak, k\u0131rsal turizmin geli\u015fimine katk\u0131da bulunmay\u0131 ama\u00e7l\u0131yoruz. \u00dclkemizin k\u0131rsal g\u00fczelliklerini hem yerli hem de yabanc\u0131 turistlere tan\u0131tarak, turizmi sadece k\u0131y\u0131 \u015feridi ile s\u0131n\u0131rl\u0131 kalmayacak \u015fekilde i\u00e7 b\u00f6lgelere \u00e7ekmenin \u00f6nemini vurguluyoruz.<\/p>\n\n\n\n<p>Ionia Konukevi i\u015fletmecisi ve personeli, mahalledeki H\u0131d\u0131rbeyli G\u00fczelle\u015ftirme Geli\u015ftirme ve Dayan\u0131\u015fma Derne\u011fi \u00fcyeleridir. \u0130\u015fletmemiz, dernek giri\u015fimleriyle belediye ve di\u011fer derneklerle birlikte kurulan k\u00fct\u00fcphanenin a\u00e7\u0131lmas\u0131nda aktif rol alm\u0131\u015ft\u0131r. Ayr\u0131ca, i\u015fletmemiz taraf\u0131ndan yap\u0131lan ba\u011f\u0131\u015flar ve giri\u015fimlerle dernek, \u00f6\u011frenci burslar\u0131 sa\u011flam\u0131\u015f, turizm k\u00f6ylerine ve antik kentlere d\u00fczenlenen gezilere destek olmu\u015f ve el becerileri kurslar\u0131na kat\u0131l\u0131m\u0131 te\u015fvik etmi\u015ftir.<\/p>\n\n\n\n<p>Ionia Konukevi olarak, yerli ve yabanc\u0131 belgesel film yap\u0131mc\u0131lar\u0131na k\u00f6y\u00fcm\u00fcz\u00fc ve b\u00f6lgeyi tan\u0131tmak i\u00e7in i\u015fbirli\u011fi yapmaktan gurur duyuyoruz. Bu belgeseller, \u00f6zellikle \u0130ngiliz Channel 5 ve CNN T\u00fcrk taraf\u0131ndan \u00e7ekilmi\u015ftir ve b\u00f6lgeye \u00f6zellikle yabanc\u0131 turist \u00e7ekilmesine katk\u0131da bulunmu\u015ftur. Y\u00f6remizin k\u00fclt\u00fcrel ve do\u011fal zenginliklerini d\u00fcnya geneline tan\u0131tmak, turizmin s\u00fcrd\u00fcr\u00fclebilirli\u011fine katk\u0131da bulunmam\u0131za olanak sa\u011flamaktad\u0131r.<\/p>\n\n\n\n<p>Personel se\u00e7iminde, \u00f6ncelikle k\u00f6y\u00fcm\u00fczden ve \u00e7evresinden gelen bireyleri tercih ediyoruz. Yerel istihdam\u0131 destekleyerek, i\u015fletmemizin toplum i\u00e7indeki entegrasyonunu g\u00fc\u00e7lendirmeyi ve yerel ekonomiye katk\u0131da bulunmay\u0131 ama\u00e7l\u0131yoruz.<\/p>\n\n\n\n<p>Bu sosyal politika \u00e7er\u00e7evesinde, i\u015fletmemizin \u00e7evresel ve sosyal etkilerini pozitif bir \u015fekilde y\u00f6nlendirmeye devam ediyoruz.<\/p>\n\n\n\n<h2 class=\"wp-block-heading\">K\u00fclt\u00fcrel Politikam\u0131z:<\/h2>\n\n\n\n<p>\u0130\u015fletme olarak \u00e7evremizdeki do\u011fal g\u00fczellikleri, k\u00fclt\u00fcrel ve tarihi \u00f6nemi olan yerleri yak\u0131ndan takip ediyor ve kendi bilgilerimizi s\u00fcrekli g\u00fcncelliyoruz.<\/p>\n\n\n\n<p>Konuklar\u0131n\u0131za sadece bilinen de\u011fil, ayn\u0131 zamanda daha az bilinen ancak k\u00fclt\u00fcrel olarak zengin b\u00f6lgeleri de tan\u0131tmaya odaklan\u0131yoruz. Bu, konuklar\u0131m\u0131za benzersiz ve \u00f6zel bir deneyim sunmam\u0131za yard\u0131mc\u0131 oluyor. Ayr\u0131ca, konuklar\u0131n\u0131z\u0131n bu b\u00f6lgeleri ke\u015ffetmelerini te\u015fvik etmek i\u00e7in \u00f6zel geziler veya etkinlikler d\u00fczenlemek yak\u0131n gelecek i\u00e7in planlar\u0131m\u0131z aras\u0131nda.<\/p>\n\n\n\n<p>Web sayfam\u0131zda hem T\u00fcrk\u00e7e hem de \u0130ngilizce olarak gezilecek g\u00f6r\u00fclecek yerler listesi bulundurarak geni\u015f bir kitleye ula\u015fmaya \u00e7al\u0131\u015f\u0131yoruz<\/p>\n\n\n\n<h2 class=\"wp-block-heading\">Ekonomik Politikam\u0131z<\/h2>\n\n\n\n<p>\u0130onia Konukevi olarak, ekonomik politikam\u0131z\u0131 k\u0131rsal ve k\u00fc\u00e7\u00fck \u00f6l\u00e7ekli yap\u0131m\u0131z\u0131n avantajlar\u0131na dayand\u0131rarak s\u00fcrd\u00fcr\u00fclebilir bir model \u00fczerine in\u015fa ettik. \u0130\u015fletmemizi k\u0131\u015f sezonunda da a\u00e7\u0131k tutarak, gelir elde etme stratejilerimizi \u00e7e\u015fitlendirme hedefimize ula\u015f\u0131yoruz.<\/p>\n\n\n\n<p>Farkl\u0131 sezonlarda uygulad\u0131\u011f\u0131m\u0131z esnek \u00fccret politikalar\u0131, i\u015fletmemizin gelirini \u00e7e\u015fitlendirmenin yan\u0131 s\u0131ra talep de\u011fi\u015fimlerine h\u0131zl\u0131 bir \u015fekilde adapte olmam\u0131za olanak tan\u0131r. Y\u00fcksek talep d\u00f6nemlerinde fiyat esnekli\u011fini kullanarak misafir memnuniyetini art\u0131rmay\u0131 hedeflerken, d\u00fc\u015f\u00fck talep d\u00f6nemlerinde cazip indirimler sunarak m\u00fc\u015fteri \u00e7ekme stratejilerini benimsiyoruz.<\/p>\n\n\n\n<p>S\u00fcrd\u00fcr\u00fclebilirlik ilkesini i\u015fletmemizin temelinde bulundurarak, enerji, su ve yiyecek kaynaklar\u0131n\u0131 etkin bir \u015fekilde y\u00f6netti\u011fimizi vurguluyoruz. Israf\u0131 en aza indirme \u00e7abalar\u0131m\u0131z, \u00e7evresel etkilerimizi minimize etme yan\u0131nda, i\u015fletme maliyetlerini de kontrol alt\u0131nda tutmam\u0131za katk\u0131 sa\u011fl\u0131yor.<\/p>\n\n\n\n<p>\u0130\u015fletme olarak \u00e7evresel ve ekonomik fakt\u00f6rlere duyarl\u0131 bir yakla\u015f\u0131m benimsiyoruz. Yerel tedarik\u00e7ilerle i\u015f birli\u011fi yapma prensibimiz ve yerel ekonomiye katk\u0131 sa\u011flama taahh\u00fcd\u00fcm\u00fcz, ekonomik politikam\u0131z\u0131 destekleyen temel unsurlar aras\u0131nda bulunmaktad\u0131r. Ayr\u0131ca, harcamalar\u0131 ve maliyetleri titizlikle analiz ederek i\u015fletme maliyetlerimizi optimize etmeye y\u00f6nelik s\u00fcrekli bir<br>\u00e7aba g\u00f6steriyoruz.<\/p>\n\n\n\n<h2 class=\"wp-block-heading\">Kalite Politikam\u0131z<\/h2>\n\n\n\n<p>Verdi\u011fimiz hizmetin, kulland\u0131\u011f\u0131m\u0131z materyallerin, \u00fcr\u00fcnlerin, yiyeceklerin kaliteli olmas\u0131n\u0131 tercih ediyoruz ki gelen konuklar i\u015fletmemizden memnun kals\u0131n, tekrar bizi tercih etsinler.<\/p>\n\n\n\n<p>Kaliteyi y\u00fcksek seviyede tutmak a\u00e7\u0131s\u0131ndan personelimize s\u00fcrekli e\u011fitimler veriyoruz, motive ediyoruz ve yap\u0131lan i\u015fleri kontrol ediyoruz.<\/p>\n\n\n\n<p>\u0130\u015fletmemizi oldu\u011fumuz gibi pazarl\u0131yoruz, Oldu\u011fumuzdan fazlas\u0131 olarak g\u00f6stererek konuklar\u0131m\u0131zda alg\u0131 farkl\u0131l\u0131\u011f\u0131 yaratm\u0131yoruz.<\/p>\n\n\n\n<p>\u0130\u015fletmenin s\u00fcrekli olarak de\u011ferlendirilmesi ve iyile\u015ftirilmesi gereklili\u011fine inan\u0131yoruz bu ba\u011flamda konuklar\u0131n geri bildirimlerinin dikkate al\u0131nmas\u0131 ve i\u015fletme s\u00fcre\u00e7lerinin optimize edilmesi.<\/p>\n\n\n\n<h2 class=\"wp-block-heading\">\u0130nsan Haklar\u0131 Politikam\u0131z<\/h2>\n\n\n\n<p>\u0130onia Konukevi, i\u015fg\u00fcc\u00fcyle ilgili t\u00fcm yasal d\u00fczenlemelere uyum sa\u011flamak ad\u0131na<br>\u00e7al\u0131\u015fanlar\u0131n haklar\u0131na sayg\u0131 g\u00f6sterir. \u0130\u015f\u00e7i haklar\u0131, \u00e7al\u0131\u015fma saatleri ve \u00fccretlendirme konular\u0131nda uygun politikalar benimsemi\u015ftir. <\/p>\n\n\n\n<p>\u0130\u015fletmemizde daha \u00f6nce \u00e7al\u0131\u015fm\u0131\u015f ve \u015fu an \u00e7al\u0131\u015fan personel sigortal\u0131 yap\u0131lm\u0131\u015ft\u0131r.<br>Sigortal\u0131 \u00e7al\u0131\u015fman\u0131n \u00e7al\u0131\u015fanlar\u0131m\u0131z a\u00e7\u0131s\u0131ndan \u00f6nemini \u00e7ok iyi biliyoruz ve bu konudaki yasalara s\u0131k\u0131 s\u0131k\u0131ya ba\u011fl\u0131y\u0131z.<\/p>\n\n\n\n<p>Herkes i\u00e7in e\u015fitlik ilkesine inan\u0131yoruz. E\u015fitlik ilkesi Irk, cinsiyet, dil, din, cinsel y\u00f6nelim, ya\u015f, engellilik ve di\u011fer bir\u00e7ok \u00f6zellik temelinde herkesin adil ve e\u015fit bir \u015fekilde muamele g\u00f6rmesini savunur. Bu, herkesin e\u015fit haklara ve f\u0131rsatlara sahip olmas\u0131, ayr\u0131mc\u0131l\u0131\u011fa u\u011framadan ya\u015famas\u0131 anlam\u0131na gelir ki bu bizim savundu\u011fumuz ba\u015fl\u0131ca bir ilkedir. E\u015fit bir toplumda, e\u015fitlik ilkesinin \u00e7e\u015fitlilik ile desteklenmesi gereklili\u011fine inan\u0131yoruz ve her birey, farkl\u0131l\u0131klar\u0131na sayg\u0131 g\u00f6sterilerek e\u015fit hak ve f\u0131rsatlara sahip olmas\u0131ndan yanay\u0131z. Bu, bir topluluk veya organizasyonun daha kapsay\u0131c\u0131, adil ve zengin bir yap\u0131ya sahip olmas\u0131n\u0131 sa\u011flar. \u0130kisi bir arada d\u00fc\u015f\u00fcn\u00fcld\u00fc\u011f\u00fcnde, herkesin kat\u0131l\u0131m\u0131na, temsil edilmesine ve de\u011ferlendirilmesine odaklanan bir yakla\u015f\u0131m ortaya \u00e7\u0131kar. \u0130nanc\u0131m\u0131z, yakla\u015f\u0131m\u0131m\u0131z b\u00f6yledir.<\/p>\n\n\n\n<h2 class=\"wp-block-heading\">Sa\u011fl\u0131k Politikam\u0131z<\/h2>\n\n\n\n<p>\u0130\u015fletmemizde genel temizlik ve hijyen standartlar\u0131n\u0131 en \u00fcst d\u00fczeyde tutmak amac\u0131m\u0131z. Odalar\u0131n, restoran\u0131n ve ortak alanlar\u0131n d\u00fczenli olarak temizlenmesi, dezenfekte edilmesi ve kontrol edilmesi sa\u011fl\u0131k politikam\u0131z\u0131n temelidir.<\/p>\n\n\n\n<p>Personele d\u00fczenli sa\u011fl\u0131k denetimleri uygulanmakta ve temel hijyen kurallar\u0131 konusunda yeri geldik\u00e7e s\u00f6zl\u00fc e\u011fitim verilmektedir.<\/p>\n\n\n\n<p>Alerji ve di\u011fer diyet ihtiya\u00e7lar\u0131na duyarl\u0131 misafirler i\u00e7in \u00f6zel men\u00fcler sunuyoruz.<\/p>\n\n\n\n<p>Acil durumlar i\u00e7in toplanma alan\u0131m\u0131z vard\u0131r ve bu odalardaki bilgi formunda belirtilmi\u015ftir.<\/p>\n\n\n\n<p>\u00d6zellikle COVID-19 gibi bula\u015f\u0131c\u0131 hastal\u0131klarla m\u00fccadele sosyal mesafe kurallar\u0131na uygun oturma d\u00fczenlemeleri, hijyen istasyonlar\u0131 ve maske kullan\u0131m\u0131n\u0131n \u00f6nemini biliyoruz ve yasal d\u00fczenlemelere ba\u011fl\u0131y\u0131z.<\/p>\n\n\n\n<p>Konuklar\u0131m\u0131za sa\u011fl\u0131kl\u0131 ve keyifli bir deneyim sunabilmek ad\u0131na, havuz su analizleri i\u015fletmemiz i\u00e7in hayati bir \u00f6neme sahiptir. Bu analizler, havuz suyunun kimyasal bile\u015fimini d\u00fczenli olarak kontrol etmeyi ve izlemeyi sa\u011flar. Su kalitesini korumak, misafirlerimizin sa\u011fl\u0131\u011f\u0131n\u0131 ve g\u00fcvenli\u011fini sa\u011flamak i\u00e7in hayati \u00f6nem ta\u015f\u0131r. Ayr\u0131ca, analiz sonu\u00e7lar\u0131na dayanarak gerekli d\u00fczeltici \u00f6nlemleri<br>alarak su kalitesini en \u00fcst d\u00fczeyde tutmay\u0131 hedefliyoruz. Bu, konuklar\u0131m\u0131z\u0131n do\u011fal ve sa\u011fl\u0131kl\u0131 bir \u00e7evrede vakit ge\u00e7irmelerini ve havuzun tad\u0131n\u0131 \u00e7\u0131karmalar\u0131n\u0131 sa\u011flamak ad\u0131na s\u00fcrd\u00fcrd\u00fc\u011f\u00fcm\u00fcz bir<br>\u00f6nceli\u011fimizdir.<\/p>\n\n\n\n<h2 class=\"wp-block-heading\">G\u00fcvenlik Politikam\u0131z<\/h2>\n\n\n\n<p>\u0130onia Konukevi olarak, konuklar\u0131m\u0131z\u0131n g\u00fcvenli\u011fini sa\u011flamak ve huzurlu bir konaklama deneyimi sunmak bizim \u00f6nceliklerimizdendir. Bu do\u011frultuda, i\u015fletmemizde a\u015fa\u011f\u0131daki g\u00fcvenlik politikalar\u0131n\u0131 uygulamaktay\u0131z.<\/p>\n\n\n\n<p>\u0130\u015fletmemizin ortak alanlar\u0131nda (mahremiyet prensibini g\u00f6zeterek) ve otel giri\u015finde g\u00fcvenli\u011fi art\u0131rmak amac\u0131yla kapal\u0131 devre televizyon (CCTV) kameralar\u0131 bulunmaktad\u0131r. Bu kameralar, olaylar\u0131 izlemek ve gerekti\u011finde m\u00fcdahalede bulunmak ad\u0131na g\u00fcvenlik ekibimize yard\u0131mc\u0131 olmaktad\u0131r.<\/p>\n\n\n\n<p>\u0130\u015fletme personelimiz, acil durumlar ve g\u00fcvenlik protokollerine ili\u015fkin d\u00fczenli e\u011fitim al\u0131r. Acil durumlar\u0131n etkili bir \u015fekilde y\u00f6netilmesini sa\u011flamak amac\u0131yla personelimiz gerekli bilgi ve becerilere sahiptir.<\/p>\n\n\n\n<p>Konuklar\u0131m\u0131z, g\u00fcvenlik \u00f6nlemleri konusunda bilgilendirilir ve acil durum prosed\u00fcrleri hakk\u0131nda gerekli bilgilere eri\u015fim sa\u011flan\u0131r. Otelimizdeki g\u00fcvenlik tedbirleriyle ilgili bilgiler, konuklar\u0131m\u0131z\u0131n huzurlu bir konaklama ge\u00e7irmelerini ama\u00e7layarak \u015feffaf bir \u015fekilde sunulur.<\/p>\n","protected":false},"excerpt":{"rendered":"<p>Biz, \u0130onia Konukevi ailesi olarak, s\u00fcrd\u00fcr\u00fclebilirlik ilkelerini benimseyerek, do\u011faya ve \u00e7evreye olan sorumlulu\u011fumuzun bilinciyle hareket ediyoruz. Misafirlerimize unutulmaz bir konaklama deneyimi sunman\u0131n yan\u0131 s\u0131ra, \u00e7evreye ve yerel toplumumuza katk\u0131da bulunmay\u0131 hedefliyoruz. K\u0131rsal turizmin geli\u015fmesinin \u00f6nemini bilerek i\u015fletmemizi k\u0131rsalda, daha \u00f6nce hi\u00e7 bir turistik konaklama i\u015fletmesinin olmad\u0131\u011f\u0131 bir k\u00f6yde, zeytin ve incir bah\u00e7elerinin orta yerine kurduk. [&hellip;]<\/p>\n","protected":false},"author":1,"featured_media":0,"parent":0,"menu_order":0,"comment_status":"closed","ping_status":"closed","template":"","meta":{"_s2mail":"yes","footnotes":""},"class_list":["post-2396","page","type-page","status-publish","hentry","post-preview"],"_links":{"self":[{"href":"https:\/\/www.ioniaguesthouse.com\/index.php?rest_route=\/wp\/v2\/pages\/2396","targetHints":{"allow":["GET"]}}],"collection":[{"href":"https:\/\/www.ioniaguesthouse.com\/index.php?rest_route=\/wp\/v2\/pages"}],"about":[{"href":"https:\/\/www.ioniaguesthouse.com\/index.php?rest_route=\/wp\/v2\/types\/page"}],"author":[{"embeddable":true,"href":"https:\/\/www.ioniaguesthouse.com\/index.php?rest_route=\/wp\/v2\/users\/1"}],"replies":[{"embeddable":true,"href":"https:\/\/www.ioniaguesthouse.com\/index.php?rest_route=%2Fwp%2Fv2%2Fcomments&post=2396"}],"version-history":[{"count":11,"href":"https:\/\/www.ioniaguesthouse.com\/index.php?rest_route=\/wp\/v2\/pages\/2396\/revisions"}],"predecessor-version":[{"id":2410,"href":"https:\/\/www.ioniaguesthouse.com\/index.php?rest_route=\/wp\/v2\/pages\/2396\/revisions\/2410"}],"wp:attachment":[{"href":"https:\/\/www.ioniaguesthouse.com\/index.php?rest_route=%2Fwp%2Fv2%2Fmedia&parent=2396"}],"curies":[{"name":"wp","href":"https:\/\/api.w.org\/{rel}","templated":true}]}}